{"id":6845,"date":"2025-05-04T11:13:54","date_gmt":"2025-05-04T09:13:54","guid":{"rendered":"https:\/\/www.cyprusproperties.info\/adatvedelmi-iranyelvek\/"},"modified":"2026-01-11T16:39:03","modified_gmt":"2026-01-11T15:39:03","slug":"adatvedelmi-iranyelvek","status":"publish","type":"page","link":"https:\/\/www.cyprusproperties.info\/hu\/adatvedelmi-iranyelvek\/","title":{"rendered":"Adatv\u00e9delmi ir\u00e1nyelvek"},"content":{"rendered":"\t\t<div data-elementor-type=\"wp-page\" data-elementor-id=\"6845\" class=\"elementor elementor-6845 elementor-3\" data-elementor-post-type=\"page\">\n\t\t\t\t<div class=\"elementor-element elementor-element-bd1fa57 e-flex e-con-boxed e-con e-parent\" data-id=\"bd1fa57\" data-element_type=\"container\" data-e-type=\"container\" data-settings=\"{&quot;background_background&quot;:&quot;classic&quot;}\">\n\t\t\t\t\t<div class=\"e-con-inner\">\n\t\t<div class=\"elementor-element elementor-element-d20166a e-con-full e-flex e-con e-child\" data-id=\"d20166a\" data-element_type=\"container\" data-e-type=\"container\">\n\t\t\t\t<div class=\"elementor-element elementor-element-b80755a elementor-invisible elementor-widget elementor-widget-heading\" data-id=\"b80755a\" data-element_type=\"widget\" data-e-type=\"widget\" data-settings=\"{&quot;_animation&quot;:&quot;fadeInUp&quot;,&quot;_animation_delay&quot;:200}\" data-widget_type=\"heading.default\">\n\t\t\t\t<div class=\"elementor-widget-container\">\n\t\t\t\t\t<h6 class=\"elementor-heading-title elementor-size-default\">Adatv\u00e9delmi ir\u00e1nyelvek<\/h6>\t\t\t\t<\/div>\n\t\t\t\t<\/div>\n\t\t\t\t<\/div>\n\t\t\t\t\t<\/div>\n\t\t\t\t<\/div>\n\t\t<div class=\"elementor-element elementor-element-29ec8429 e-flex e-con-boxed e-con e-parent\" data-id=\"29ec8429\" data-element_type=\"container\" data-e-type=\"container\">\n\t\t\t\t\t<div class=\"e-con-inner\">\n\t\t\t\t<div class=\"elementor-element elementor-element-92e0655 elementor-widget elementor-widget-text-editor\" data-id=\"92e0655\" data-element_type=\"widget\" data-e-type=\"widget\" data-widget_type=\"text-editor.default\">\n\t\t\t\t<div class=\"elementor-widget-container\">\n\t\t\t\t\t\t\t\t\t<article class=\"text-token-text-primary w-full\" dir=\"auto\" data-testid=\"conversation-turn-4\" data-scroll-anchor=\"false\">\n<div class=\"text-base my-auto mx-auto py-5 [--thread-content-margin:--spacing(4)] @[37rem]:[--thread-content-margin:--spacing(6)] @[72rem]:[--thread-content-margin:--spacing(16)] px-(--thread-content-margin)\">\n<div class=\"[--thread-content-max-width:32rem] @[34rem]:[--thread-content-max-width:40rem] @[64rem]:[--thread-content-max-width:48rem] mx-auto flex max-w-(--thread-content-max-width) flex-1 text-base gap-4 md:gap-5 lg:gap-6 group\/turn-messages focus-visible:outline-hidden\" tabindex=\"-1\">\n<div class=\"group\/conversation-turn relative flex w-full min-w-0 flex-col agent-turn\">\n<div class=\"relative flex-col gap-1 md:gap-3\">\n<div class=\"flex max-w-full flex-col grow\">\n<div class=\"min-h-8 text-message relative flex w-full flex-col items-end gap-2 text-start break-words whitespace-normal [.text-message+&amp;]:mt-5\" dir=\"auto\" data-message-author-role=\"assistant\" data-message-id=\"3ded30ef-3ad2-45b7-ad29-ab02e1e5a4f9\" data-message-model-slug=\"gpt-4o\">\n<div class=\"flex w-full flex-col gap-1 empty:hidden first:pt-[3px]\">\n<div class=\"markdown prose dark:prose-invert w-full break-words dark\">\n<p><strong>C\u00e9gn\u00e9v:<\/strong> CYPRUS PROPERTIES s. r. o. <\/p>\n<p><strong>Sz\u00e1ml\u00e1z\u00e1si c\u00edm \u00e9s sz\u00e9khely:<\/strong> Farsk\u00e1 1342\/50, 949 01 Nyitra<\/p>\n<p><strong>C\u00e9gjegyz\u00e9ksz\u00e1m:<\/strong> 54423651<\/p>\n<p><strong>H\u00c9A-sz\u00e1m:<\/strong> 2121656262<\/p>\n<p><strong>Jogi forma:<\/strong> korl\u00e1tolt felel\u0151ss\u00e9g\u0171 t\u00e1rsas\u00e1g<\/p>\n<p><strong>Bejegyz\u00e9s a kereskedelmi nyilv\u00e1ntart\u00e1sba:<\/strong> Sro, Sro szekci\u00f3, iktat\u00f3sz\u00e1m: Nyitrai Ker\u00fcleti B\u00edr\u00f3s\u00e1g, Sro. 56591\/N<\/p>\n<p><strong>Milyen szem\u00e9lyes adatokat dolgozunk fel<\/strong><br>\u00d6n \u00e1ltal megadott szem\u00e9lyes adatok<br>Szem\u00e9lyes adatok, amelyeket nem k\u00f6zvetlen\u00fcl \u00d6nt\u0151l, hanem m\u00e1s m\u00f3don kapunk meg<\/p>\n<p>K\u00f6z\u00f6s marketingkamp\u00e1nyok r\u00e9szek\u00e9nt az \u00d6n szem\u00e9lyes adatait marketingkamp\u00e1nyok vagy a szerz\u0151d\u00e9s megfelel\u0151 teljes\u00edt\u00e9se c\u00e9lj\u00e1b\u00f3l is feldolgozhatjuk, \u00e9s ezeket \u00f6sszekapcsolhatjuk.<\/p>\n<p>Abban az esetben, ha az \u00d6n szem\u00e9lyes adatait egy m\u00e1sik szervezetnek adjuk el, el\u0151zetesen t\u00e1j\u00e9koztatjuk \u00d6nt, bele\u00e9rtve annak a szem\u00e9lynek a nev\u00e9t, akinek a szem\u00e9lyes adatokat eladjuk. Tov\u00e1bb\u00e1, ha valaki eladja nek\u00fcnk az \u00d6n szem\u00e9lyes adatait, arr\u00f3l is el\u0151zetesen t\u00e1j\u00e9koztatnia kell \u00d6nt. <\/p>\n<p>Harmadik felek szem\u00e9lyes adatai, amelyeket \u00d6n megadott nek\u00fcnk<\/p>\n<p>Ha \u00d6n harmadik szem\u00e9lyek szem\u00e9lyes adatait adja \u00e1t nek\u00fcnk, az \u00d6n k\u00f6teless\u00e9ge t\u00e1j\u00e9koztatni az \u00e9rintett szem\u00e9lyt, \u00e9s biztos\u00edtani a hozz\u00e1j\u00e1rul\u00e1s\u00e1t a szem\u00e9lyes adatok v\u00e9delm\u00e9re vonatkoz\u00f3 jelen felt\u00e9telekhez.<\/p>\n<p>Automatikusan feldolgozott szem\u00e9lyes adatok<br>Amikor \u00d6n megl\u00e1togatja a weboldalunkat, bizonyos adatokat gy\u0171jthet\u00fcnk \u00d6nr\u0151l, p\u00e9ld\u00e1ul az IP-c\u00edm\u00e9t, a weboldalunkhoz val\u00f3 hozz\u00e1f\u00e9r\u00e9s d\u00e1tum\u00e1t \u00e9s id\u0151pontj\u00e1t, az \u00d6n internetb\u00f6ng\u00e9sz\u0151j\u00e9re, oper\u00e1ci\u00f3s rendszer\u00e9re vagy nyelvi be\u00e1ll\u00edt\u00e1saira vonatkoz\u00f3 inform\u00e1ci\u00f3kat. Feldolgozhatunk tov\u00e1bb\u00e1 inform\u00e1ci\u00f3kat az \u00d6n viselked\u00e9s\u00e9r\u0151l a weboldalainkon, azaz pl. arr\u00f3l, hogy a weboldalainkon mely linkeket l\u00e1togatja meg, \u00e9s milyen \u00e1rukat jelen\u00edt\u00fcnk meg \u00d6nnek. <\/p>\n<p>Ha \u00d6n mobiltelefonr\u00f3l vagy hasonl\u00f3 eszk\u00f6zr\u0151l, illetve valamelyik mobilalkalmaz\u00e1sunkon kereszt\u00fcl l\u00e9p be a weboldalainkra, akkor a mobileszk\u00f6z\u00e9re vonatkoz\u00f3 inform\u00e1ci\u00f3kat is feldolgozhatjuk (mobiltelefonj\u00e1ra vonatkoz\u00f3 adatok, az alkalmaz\u00e1sok \u00f6sszeoml\u00e1si napl\u00f3i stb.).<\/p>\n<p>Kamerarendszerek a telephelyeinken<br>A telephelyeinken l\u00e9v\u0151 kamer\u00e1k felv\u00e9teleit is automatikusan feldolgozzuk, bele\u00e9rtve \u00f6nkiszolg\u00e1l\u00f3 postafi\u00f3kjainkat is.<\/p>\n<p>T\u00e9gla\u00e9p\u00fclet\u00fcnket \u00e9s \u00f6nkiszolg\u00e1l\u00f3 postafi\u00f3kjainkat kamerarendszerek figyelik online k\u00f6zvet\u00edt\u00e9ssel \u00e9s r\u00f6gz\u00edt\u00e9ssel. Telephelyeinken kamer\u00e1k vannak mind a megel\u0151z\u00e9s, mind az esetleges illeg\u00e1lis tev\u00e9kenys\u00e9gek tiszt\u00e1z\u00e1sa \u00e9rdek\u00e9ben. A kamerarendszer \u00fczemeltet\u0151je mi, a SANN s.r.o. vagyunk.  <\/p>\n<p>Mobiltelefonokra \u00e9s mobilalkalmaz\u00e1sokra k\u00e9sz\u00fclt verzi\u00f3k<br>Ha \u00d6n telefonr\u00f3l, t\u00e1blag\u00e9pr\u0151l vagy hasonl\u00f3 eszk\u00f6zr\u0151l l\u00e9p be weboldalainkra, akkor azokat ezekre az eszk\u00f6z\u00f6kre optimaliz\u00e1ljuk. Ebben az esetben az \u00d6n szem\u00e9lyes adatait hasonl\u00f3 m\u00f3don kezelj\u00fck, mint a sz\u00e1m\u00edt\u00f3g\u00e9pr\u0151l t\u00f6rt\u00e9n\u0151 hozz\u00e1f\u00e9r\u00e9s eset\u00e9n. <\/p>\n<p>Az \u00edgy gy\u0171jt\u00f6tt adatokat arra is felhaszn\u00e1lhatjuk, hogy szem\u00e9lyre szabott kereskedelmi k\u00f6zlem\u00e9nyeket k\u00fcldj\u00fcnk \u00d6nnek. Ha ezt nem k\u00edv\u00e1nja, k\u00f6nnyen leiratkozhat a kereskedelmi kommunik\u00e1ci\u00f3r\u00f3l. Hasonl\u00f3k\u00e9ppen el\u0151fordulhat, hogy szem\u00e9lyre szabott tartalmakat jelen\u00edt\u00fcnk meg \u00d6nnek k\u00f6zvetlen\u00fcl a weboldalainkon. Ebben az esetben is lehet\u0151s\u00e9ge van arra, hogy megtiltja az ilyen szem\u00e9lyre szab\u00e1st.   <\/p>\n<p>Mi\u00e9rt gy\u0171jtj\u00fck \u00e9s kezelj\u00fck az \u00d6n szem\u00e9lyes adatait<br>Az \u00d6n szem\u00e9lyes adatait a k\u00f6vetkez\u0151 okokb\u00f3l kezelj\u00fck:<\/p>\n<p>\u00c1ruk \u00e9s szolg\u00e1ltat\u00e1sok v\u00e1s\u00e1rl\u00e1sa: mindenekel\u0151tt az \u00d6n szem\u00e9lyes adatait a megrendel\u00e9s megfelel\u0151 feldolgoz\u00e1sa \u00e9s kisz\u00e1ll\u00edt\u00e1sa \u00e9rdek\u00e9ben kezelj\u00fck. Ha b\u00e1rmilyen probl\u00e9ma mer\u00fcl fel, az \u00d6n szem\u00e9lyes adatainak k\u00f6sz\u00f6nhet\u0151en tudjuk, hogy kihez forduljunk.<br>\u00dcgyf\u00e9lszolg\u00e1lat: ha k\u00e9rd\u00e9ssel \/ probl\u00e9m\u00e1val fordul hozz\u00e1nk, az \u00d6n adatait a v\u00e1laszad\u00e1s \/ megold\u00e1s \u00e9rdek\u00e9ben kell feldolgoznunk. Bizonyos esetekben a szem\u00e9lyes adatok harmadik f\u00e9lnek is tov\u00e1bb\u00edt\u00e1sra ker\u00fclhetnek (pl. az \u00e1ru sz\u00e1ll\u00edt\u00f3j\u00e1nak vagy a szervizk\u00f6zpontnak).  <br>Felhaszn\u00e1l\u00f3i fi\u00f3k: a felhaszn\u00e1l\u00f3i profilj\u00e1ban megadott szem\u00e9lyes adatoknak k\u00f6sz\u00f6nhet\u0151en sz\u00e1mos hasznos funkci\u00f3 v\u00e1lik el\u00e9rhet\u0151v\u00e9 az \u00d6n sz\u00e1m\u00e1ra (pl. ha megadja a telefonsz\u00e1m\u00e1t, k\u00f6nnyed\u00e9n t\u00e1j\u00e9koztathatjuk, hogy a megrendel\u00e9s\u00e9t mikor sz\u00e1ll\u00edtj\u00e1k ki). Az \u00d6n \u00e1ltal megadott adatokat b\u00e1rmikor megv\u00e1ltoztathatja, kiv\u00e9ve a felhaszn\u00e1l\u00f3i fi\u00f3kj\u00e1hoz val\u00f3 hozz\u00e1f\u00e9r\u00e9shez haszn\u00e1lt e-mail c\u00edmet.<br>Marketingtev\u00e9kenys\u00e9g:<br>E-mail marketing: Az \u00d6n hozz\u00e1j\u00e1rul\u00e1sa alapj\u00e1n e-mailben kereskedelmi k\u00f6zlem\u00e9nyeket k\u00fcld\u00fcnk \u00d6nnek. A kereskedelmi kommunik\u00e1ci\u00f3r\u00f3l k\u00f6nnyen leiratkozhat a felhaszn\u00e1l\u00f3i profilja be\u00e1ll\u00edt\u00e1sainak m\u00f3dos\u00edt\u00e1s\u00e1val vagy a kapcsolatfelv\u00e9teli \u0171rlapunk haszn\u00e1lat\u00e1val. Ha \u00d6n t\u00f6bb felhaszn\u00e1l\u00f3i profilt hoz l\u00e9tre, amelyekben ugyanazokat az el\u00e9rhet\u0151s\u00e9gi adatokat adja meg (pl. t\u00f6bb fi\u00f3kja van k\u00fcl\u00f6nb\u00f6z\u0151 e-mail c\u00edmekhez, de a telefonsz\u00e1ma minden fi\u00f3kban ugyanaz lesz), akkor technikai okokb\u00f3l nem lehets\u00e9ges, hogy automatiz\u00e1lt folyamatok alapj\u00e1n leiratkozzon a kereskedelmi kommunik\u00e1ci\u00f3r\u00f3l minden felhaszn\u00e1l\u00f3i profil eset\u00e9ben. Ebben az esetben az \u00f6sszes felhaszn\u00e1l\u00f3i profilra vonatkoz\u00f3 kereskedelmi kommunik\u00e1ci\u00f3r\u00f3l val\u00f3 leiratkoz\u00e1shoz telefonon vagy a kapcsolatfelv\u00e9teli \u0171rlapon kereszt\u00fcl kell kapcsolatba l\u00e9pnie vel\u00fcnk.<br>Telemarketing: Marketingh\u00edv\u00e1sokat kezdem\u00e9nyez\u00fcnk term\u00e9keink \u00e9s szolg\u00e1ltat\u00e1saink k\u00edn\u00e1l\u00e1sa \u00e9s a kapcsol\u00f3d\u00f3 marketingkommunik\u00e1ci\u00f3 c\u00e9lj\u00e1b\u00f3l. Az \u00d6n telefonsz\u00e1m\u00e1nak feldolgoz\u00e1s\u00e1nak jogalapja vagy az \u00d6n hozz\u00e1j\u00e1rul\u00e1sa, vagy legal\u00e1bb a hagyom\u00e1nyos direkt marketinghez f\u0171z\u0151d\u0151 jogos \u00e9rdek\u00fcnk. \u00d6n tiltakozhat ezen feldolgoz\u00e1s ellen<br>Push \u00e9rtes\u00edt\u00e9s: a mobilalkalmaz\u00e1s \u00fagynevezett push \u00e9rtes\u00edt\u00e9seket k\u00fcld.      <\/p>\n<p>fik\u00e1ci\u00f3k, azaz r\u00f6vid \u00fczenetek k\u00fcld\u00e9se a telefonra. Ezen \u00e9rtes\u00edt\u00e9sek fogad\u00e1s\u00e1t k\u00f6nnyen be\u00e1ll\u00edthatja telefonja be\u00e1ll\u00edt\u00e1saiban.<br>Marketingversenyek: Bizonyos esetekben a verseny gy\u0151ztes\u00e9t lef\u00e9nyk\u00e9pezhetj\u00fck vagy filmre vehetj\u00fck, els\u0151sorban marketingversenyeink \u00e1tl\u00e1that\u00f3s\u00e1g\u00e1nak n\u00f6vel\u00e9se \u00e9rdek\u00e9ben. A szem\u00e9lyes adatok ezen feldolgoz\u00e1s\u00e1t jogos \u00e9rdek\u00fcnk alapj\u00e1n v\u00e9gezz\u00fck, amely abban \u00e1ll, hogy n\u00f6velj\u00fck a marketingversenyek hiteless\u00e9g\u00e9t a t\u00f6bbi versenyz\u0151 szem\u00e9ben, \u00e9s n\u00f6velj\u00fck e versenyek vonzerej\u00e9t. \u00d6n tiltakozhat ezen adatkezel\u00e9s ellen.<br>Szolg\u00e1ltat\u00e1saink jav\u00edt\u00e1sa: az \u00d6n rendel\u00e9si el\u0151zm\u00e9nyei \u00e9s a weboldalon tan\u00fas\u00edtott viselked\u00e9se alapj\u00e1n relev\u00e1nsabb aj\u00e1nlatokat tudunk k\u00edn\u00e1lni m\u00e1s \u00e1rukra, pl. a megv\u00e1s\u00e1rolt term\u00e9kek tartoz\u00e9kaira vonatkoz\u00f3an. Bizonyos helyeken ez\u00e9rt olyan term\u00e9keket jelen\u00edt\u00fcnk meg, amelyek k\u00f6zvetlen\u00fcl \u00d6nnek sz\u00f3lnak, \u00e9s megfelelnek az \u00d6n ig\u00e9nyeinek \u00e9s \u00e9rdekl\u0151d\u00e9si k\u00f6r\u00e9nek. A weboldalon \u00e9s a weboldalon k\u00edv\u00fcli elemek optimaliz\u00e1l\u00e1sa \u00e9rdek\u00e9ben (szem\u00e9lyre szabott hirdet\u00e9sek harmadik f\u00e9l weboldalain) k\u00fcl\u00f6nb\u00f6z\u0151 v\u00e1ltozatok tesztel\u00e9s\u00e9re szolg\u00e1l\u00f3 eszk\u00f6z\u00f6ket (\u00fan. A\/B tesztel\u00e9s), Google Analytics, Facebook Analytics stb. is haszn\u00e1lhatunk.<br>V\u00e1s\u00e1rl\u00f3i v\u00e9lem\u00e9nyek az \u00e1rukr\u00f3l \u00e9s szolg\u00e1ltat\u00e1sokr\u00f3l: miut\u00e1n \u00d6n \u00e1rut vagy szolg\u00e1ltat\u00e1st v\u00e1s\u00e1rolt t\u0151l\u00fcnk, megk\u00e9rhetj\u00fck, hogy \u00e9rt\u00e9kelje azokat. \u00d6n saj\u00e1t kezdem\u00e9nyez\u00e9s\u00e9re is adhat \u00e9rt\u00e9kel\u00e9st.<br>Ha telefonon l\u00e9p vel\u00fcnk kapcsolatba, el\u0151zetes bejelent\u00e9s ut\u00e1n r\u00f6gz\u00edtj\u00fck a telefonbesz\u00e9lget\u00e9st. Az ilyen felv\u00e9teleket az alkalmazottaink \u00e1ltal ny\u00fajtott szolg\u00e1ltat\u00e1sok min\u0151s\u00e9g\u00e9nek ellen\u0151rz\u00e9s\u00e9re haszn\u00e1ljuk.<br>Jogok \u00e9s jogi ig\u00e9nyek gyakorl\u00e1sa \u00e9s hat\u00f3s\u00e1gok \u00e1ltali ellen\u0151rz\u00e9sek: Az\u00e9rt is kezelhetj\u00fck az \u00d6n szem\u00e9lyes adatait, mert sz\u00fcks\u00e9g\u00fcnk van r\u00e1juk jogaink \u00e9s jogi ig\u00e9nyeink gyakorl\u00e1sa \u00e9rdek\u00e9ben (pl. ha \u00d6nnek kifizetetlen k\u00f6vetel\u00e9se van vel\u00fcnk szemben). Az\u00e9rt is kezelhetj\u00fck szem\u00e9lyes adatait, mert sz\u00fcks\u00e9g\u00fcnk van r\u00e1juk a hat\u00f3s\u00e1gok \u00e1ltal v\u00e9gzett ellen\u0151rz\u00e9sekhez \u00e9s m\u00e1s hasonl\u00f3an fontos okokb\u00f3l.<br>0%-os H\u00c9A-val t\u00f6rt\u00e9n\u0151 v\u00e1s\u00e1rl\u00e1s: Az illeg\u00e1lis tev\u00e9kenys\u00e9gek megel\u0151z\u00e9se \u00e9rdek\u00e9ben sz\u00fcks\u00e9g\u00fcnk van a 0%-os H\u00c9A-val t\u00f6rt\u00e9n\u0151 v\u00e1s\u00e1rl\u00e1shoz sz\u00fcks\u00e9ges dokumentumokra, nevezetesen a hozz\u00e1adott\u00e9rt\u00e9k-ad\u00f3ra vonatkoz\u00f3 regisztr\u00e1ci\u00f3s igazol\u00e1sra, a vonatkoz\u00f3 nyilv\u00e1ntart\u00e1s hiteles\u00edtett kivonat\u00e1ra \u00e9s adott esetben a keresked\u0151\/\u00fcgyvezet\u0151 szem\u00e9lyi igazolv\u00e1ny\u00e1ra.<br>A szerz\u0151d\u00e9s teljes\u00edt\u00e9se \u00e9s megk\u00f6t\u00e9se<br>Az \u00d6n szem\u00e9lyes adatainak nagy r\u00e9sz\u00e9re az\u00e9rt van sz\u00fcks\u00e9g\u00fcnk, hogy a t\u0151l\u00fcnk v\u00e1s\u00e1rolni k\u00edv\u00e1nt \u00e1rukra vagy szolg\u00e1ltat\u00e1sokra vonatkoz\u00f3 v\u00e1s\u00e1rl\u00e1si vagy egy\u00e9b szerz\u0151d\u00e9st meg tudjuk k\u00f6tni \u00d6nnel. A szerz\u0151d\u00e9s megk\u00f6t\u00e9s\u00e9t k\u00f6vet\u0151en az \u00d6n szem\u00e9lyes adatait feldolgozzuk annak \u00e9rdek\u00e9ben, hogy a megv\u00e1s\u00e1rolt \u00e1rukat megfelel\u0151en eljuttassuk \u00d6nnek, vagy a megv\u00e1s\u00e1rolt szolg\u00e1ltat\u00e1sokat megfelel\u0151en ny\u00fajtsuk \u00d6nnek. Ezen jogi ok alapj\u00e1n els\u0151sorban sz\u00e1ml\u00e1z\u00e1si \u00e9s sz\u00e1ll\u00edt\u00e1si adatokat dolgozunk fel.          <\/p>\n<p>Jogos \u00e9rdekek<br>Szem\u00e9lyes adatait arra is felhaszn\u00e1ljuk, hogy relev\u00e1ns, azaz az \u00d6n sz\u00e1m\u00e1ra \u00e9rdekes tartalmat ny\u00fajtsunk \u00d6nnek. Jogos \u00e9rdek alapj\u00e1n els\u0151sorban az \u00e1ltalunk automatikusan feldolgozott szem\u00e9lyes adatokat \u00e9s a cookie-kat kezelj\u00fck. <\/p>\n<p>Ugyanezen jogi okb\u00f3l e-mail \u00e9s SMS \u00fczeneteket, \u00fagynevezett push \u00e9rtes\u00edt\u00e9seket k\u00fcldhet\u00fcnk \u00d6nnek, mint \u00fcgyfel\u00fcnknek mobilalkalmaz\u00e1son kereszt\u00fcl \u00e9s h\u00edv\u00e1ssal. Az \u00d6n szem\u00e9lyes adatainak ezen jogalapon t\u00f6rt\u00e9n\u0151 feldolgoz\u00e1s\u00e1ra az egyes \u00fczleteinkben kamer\u00e1k seg\u00edts\u00e9g\u00e9vel v\u00e9gzett megfigyel\u00e9s sor\u00e1n is sor ker\u00fcl. <\/p>\n<p>Ha \u00d6n a v\u00e1llalati \u00fcgyfel\u00fcnk \u00fagynevezett meghatalmazottjak\u00e9nt szerepel, akkor az \u00d6n megrendel\u00e9sei \u00e9s egy\u00e9b t\u00e1rgyal\u00e1sai ennek a v\u00e1llalati \u00fcgyf\u00e9lnek lesznek tulajdon\u00edtva. Ha ezt nem k\u00edv\u00e1nja, k\u00e9rj\u00fck, rendel\u00e9skor adjon meg egy m\u00e1sik e-mail c\u00edmet, mint amelyik e v\u00e1llalati \u00fcgyf\u00e9l meghatalmazott szem\u00e9ly\u00e9nek szerepel, vagy k\u00e9rheti, hogy t\u00f6r\u00f6lj\u00fck e v\u00e1llalati \u00fcgyf\u00e9l meghatalmazottjai k\u00f6z\u00fcl. <\/p>\n<p>Ha az \u00d6n szem\u00e9lyes adatait ezen jogi ok alapj\u00e1n kezelj\u00fck, \u00d6n tiltakozhat a feldolgoz\u00e1s ellen.<\/p>\n<p>Hozz\u00e1j\u00e1rul\u00e1s<br>Kereskedelmi kommunik\u00e1ci\u00f3 (e-mail marketing) \u00e9s telemarketing c\u00e9lj\u00e1b\u00f3l az \u00d6n szem\u00e9lyes adatait az \u00d6n hozz\u00e1j\u00e1rul\u00e1sa alapj\u00e1n kezelj\u00fck. Ha \u00d6n nem adja meg a hozz\u00e1j\u00e1rul\u00e1s\u00e1t, \u00e9s \u00d6n az \u00fcgyfel\u00fcnk, akkor az \u00d6n hozz\u00e1j\u00e1rul\u00e1sa n\u00e9lk\u00fcl is k\u00fcldhet\u00fcnk \u00d6nnek kereskedelmi k\u00f6zlem\u00e9nyeket (vagy telemarketing keret\u00e9ben felh\u00edvhatjuk \u00d6nt). Minden esetben egyszer\u0171en megtilthatja az ilyen marketing c\u00e9l\u00fa kommunik\u00e1ci\u00f3t t\u0151l\u00fcnk, ha (a) haszn\u00e1lja ezt a kapcsolatfelv\u00e9teli \u0171rlapot, vagy (c) kapcsolatba l\u00e9p vel\u00fcnk a www.nacyprus.sk weboldalunkon tal\u00e1lhat\u00f3 el\u00e9rhet\u0151s\u00e9gi inform\u00e1ci\u00f3k k\u00f6z\u00f6tt megadott telefonsz\u00e1mon.  <\/p>\n<p>Ha \u00d6n hozz\u00e1j\u00e1rul\u00e1s\u00e1t adta a szem\u00e9lyes adatok feldolgoz\u00e1s\u00e1hoz, azt b\u00e1rmikor visszavonhatja a kapcsolatfelv\u00e9teli \u0171rlapunkon kereszt\u00fcl.<\/p>\n<p>Szem\u00e9lyes adatok tov\u00e1bb\u00edt\u00e1sa harmadik f\u00e9lnek<br>Ezekben az esetekben az \u00d6n szem\u00e9lyes adatait tov\u00e1bb\u00edtjuk harmadik f\u00e9lnek:<\/p>\n<p>Az \u00e1ru kisz\u00e1ll\u00edt\u00e1sa: az \u00d6n \u00e1ltal kiv\u00e1lasztott fuvaroz\u00f3 nem tudn\u00e1 a megrendelt \u00e1rut kisz\u00e1ll\u00edtani \u00d6nnek, ha nem adn\u00e1nk meg neki az adatokat arr\u00f3l, hogy az \u00e1rut hov\u00e1 \u00e9s kinek kell kisz\u00e1ll\u00edtani. Ezeket az adatokat a fuvaroz\u00f3nak aszerint adjuk \u00e1t, ahogyan \u00d6n a megrendel\u00e9sben kit\u00f6lt\u00f6tte. Az \u00edgy tov\u00e1bb\u00edtott adatok k\u00f6z\u00e9 tartozik k\u00fcl\u00f6n\u00f6sen az \u00d6n neve \u00e9s vezet\u00e9kneve, sz\u00e1ll\u00edt\u00e1si c\u00edme, telefonsz\u00e1ma, amelyen a fuvaroz\u00f3 kapcsolatba l\u00e9phet \u00d6nnel, valamint &#8211; ha az \u00e1rut nem fizette ki el\u0151re &#8211; az \u00e1ru \u00e1tv\u00e9telekor fizetend\u0151 \u00f6sszeg. A fuvaroz\u00f3 a rendelkez\u00e9s\u00e9re bocs\u00e1tott szem\u00e9lyes adatokkal kapcsolatban.   <\/p>\n<p>\u00e1tadjuk, csak az \u00e1ruk kisz\u00e1ll\u00edt\u00e1sa c\u00e9lj\u00e1b\u00f3l jogosultak feldolgozni, majd a szem\u00e9lyes adatokat azonnal t\u00f6r\u00f6lj\u00fck.<\/p>\n<p>A szerz\u0151d\u00e9ses partner\u00fcnk \u00e1ltal sz\u00e1munkra t\u00e1rolt \u00e1ruk sz\u00e1ll\u00edt\u00e1sa: ha \u00d6n olyan \u00e1rut rendel t\u0151l\u00fcnk, amely szerz\u0151d\u00e9ses partner\u00fcnk rakt\u00e1r\u00e1ban van, a megrendel\u00e9s teljes\u00edt\u00e9se \u00e9rdek\u00e9ben tov\u00e1bb\u00edtanunk kell az \u00d6n szem\u00e9lyes adatait a szerz\u0151d\u00e9ses partner\u00fcnknek, aki a megrendel\u00e9st feldolgozza. Az \u00edgy tov\u00e1bb\u00edtott adatok k\u00f6z\u00e9 tartozik k\u00fcl\u00f6n\u00f6sen az \u00d6n neve \u00e9s vezet\u00e9kneve, sz\u00e1ll\u00edt\u00e1si c\u00edme, telefonsz\u00e1ma, amelyen a sz\u00e1ll\u00edt\u00f3 kapcsolatba l\u00e9phet \u00d6nnel, valamint &#8211; ha az \u00e1rut nem fizette ki el\u0151re &#8211; az \u00e1ru \u00e1tv\u00e9telekor fizetend\u0151 \u00f6sszeg. Ez a szerz\u0151d\u00e9ses partner k\u00f6teles az eml\u00edtett szem\u00e9lyes adatokat tov\u00e1bb\u00edtani az \u00e1rut kisz\u00e1ll\u00edt\u00f3 fuvaroz\u00f3nak, mert ellenkez\u0151 esetben a fuvaroz\u00f3 nem tudn\u00e1 az \u00e1rut kisz\u00e1ll\u00edtani \u00d6nnek. Mind az \u00e1rut sz\u00e1munkra t\u00e1rol\u00f3 szerz\u0151d\u00e9ses partner, mind a fuvaroz\u00f3 k\u00f6teles ezeket a szem\u00e9lyes adatokat kiz\u00e1r\u00f3lag az \u00e1ru t\u00e1rol\u00e1sa\/sz\u00e1ll\u00edt\u00e1sa c\u00e9lj\u00e1b\u00f3l felhaszn\u00e1lni, \u00e9s azt k\u00f6vet\u0151en halad\u00e9ktalanul t\u00f6r\u00f6lni.   <\/p>\n<p>Fizet\u0151k\u00e1rty\u00e1k: v\u00e1llalatunk nem rendelkezik adatokkal a n\u00e1lunk t\u00f6rt\u00e9n\u0151 fizet\u00e9sre haszn\u00e1lt fizet\u0151k\u00e1rty\u00e1kr\u00f3l (kiv\u00e9ve, ha azokat t\u00e1roljuk, l\u00e1sd a k\u00f6vetkez\u0151 bekezd\u00e9st). Kiz\u00e1r\u00f3lag a biztons\u00e1gos fizet\u00e9si \u00e1tj\u00e1r\u00f3, a Global Payments s.r.o. \u00e9s az \u00e9rintett bankint\u00e9zetek f\u00e9rnek hozz\u00e1 az \u00d6n fizet\u00e9si k\u00e1rty\u00e1j\u00e1nak adataihoz. Sz\u00e1m\u00edt\u00f3g\u00e9pr\u0151l t\u00f6rt\u00e9n\u0151 bankk\u00e1rty\u00e1s fizet\u00e9s eset\u00e9n a kommunik\u00e1ci\u00f3 a fizet\u00e9si \u00e1tj\u00e1r\u00f3 szerver\u00e9vel egy \u00fagynevezett iframe-on kereszt\u00fcl t\u00f6rt\u00e9nik (azaz a fizet\u00e9si \u00e1tj\u00e1r\u00f3 oldala k\u00f6zvetlen\u00fcl a weboldalunkon jelenik meg, tov\u00e1bbi \u00e1tir\u00e1ny\u00edt\u00e1s n\u00e9lk\u00fcl).  <\/p>\n<p>Kereskedelmi kommunik\u00e1ci\u00f3: kereskedelmi kommunik\u00e1ci\u00f3 k\u00fcld\u00e9se (pl. e-mailben vagy SMS-\u00fczenetben) vagy telemarketing eset\u00e9n harmadik felet vehet\u00fcnk ig\u00e9nybe a postai vagy telefonh\u00edv\u00e1sokhoz. Ezt a szervezetet titoktart\u00e1si k\u00f6telezetts\u00e9g k\u00f6ti, \u00e9s az \u00d6n szem\u00e9lyes adatait semmilyen m\u00e1s c\u00e9lra nem haszn\u00e1lhatja fel. <\/p>\n<p>Term\u00e9kek vagy szolg\u00e1ltat\u00e1sok \u00e9rt\u00e9kel\u00e9se a Heureka.sk port\u00e1lon kereszt\u00fcl: A v\u00e1s\u00e1rl\u00e1st \u00e9rt\u00e9kel\u0151 k\u00e9rd\u0151\u00edvek k\u00fcld\u00e9se eset\u00e9n az \u00d6n adatai (e-mail c\u00edm, a megv\u00e1s\u00e1rolt \u00e1rukra\/szolg\u00e1ltat\u00e1sokra vonatkoz\u00f3 inform\u00e1ci\u00f3k) a Heureka.sk port\u00e1l \u00fczemeltet\u0151j\u00e9nek (Heureka Group a.s.) rendelkez\u00e9s\u00e9re bocs\u00e1that\u00f3k.<\/p>\n<p>\u00c1llami hat\u00f3s\u00e1gok: jogaink \u00e9rv\u00e9nyes\u00edt\u00e9se eset\u00e9n az \u00d6n szem\u00e9lyes adatait harmadik f\u00e9lnek (pl. \u00fcgyv\u00e9dnek) tov\u00e1bb\u00edthatjuk. Ha a t\u00f6rv\u00e9ny vagy egy \u00e1llami hat\u00f3s\u00e1g (pl. a szlov\u00e1k rend\u0151rs\u00e9g) arra k\u00f6telez minket, hogy az \u00d6n szem\u00e9lyes adatait tov\u00e1bb\u00edtsuk, akkor ezt meg kell tenn\u00fcnk. <\/p>\n<p>Panaszok: a panasz gyors \u00e9s hat\u00e9kony megold\u00e1sa \u00e9rdek\u00e9ben lehets\u00e9ges, hogy a szervizk\u00f6zpontnak tov\u00e1bbi inform\u00e1ci\u00f3kra van sz\u00fcks\u00e9ge a hib\u00e1r\u00f3l, annak megnyilv\u00e1nul\u00e1sair\u00f3l vagy egy\u00e9b l\u00e9nyeges inform\u00e1ci\u00f3kr\u00f3l. Ebb\u0151l a c\u00e9lb\u00f3l a szervizk\u00f6zpontnak, amelyhez a reklam\u00e1lt term\u00e9ket elk\u00fcldi, megadjuk a reklam\u00e1ci\u00f3 be\u00e9rkez\u00e9sekor megadott adatokat (azaz els\u0151sorban az \u00d6n vezet\u00e9k- \u00e9s keresztnev\u00e9t, c\u00edm\u00e9t, telefonsz\u00e1m\u00e1t, e-mail c\u00edm\u00e9t). <\/p>\n<p>Mennyi ideig kezelj\u00fck az \u00d6n szem\u00e9lyes adatait?<\/p>\n<p>El\u0151sz\u00f6r is, az \u00d6n adatait a k\u00f6zt\u00fcnk fenn\u00e1ll\u00f3 szerz\u0151d\u00e9ses kapcsolat teljes id\u0151tartama alatt kezelj\u00fck.<\/p>\n<p><br><\/p>\n<p>A hozz\u00e1j\u00e1rul\u00e1ssal megadott szem\u00e9lyes adatok feldolgoz\u00e1sa eset\u00e9n az \u00d6n szem\u00e9lyes adatait \u00e1ltal\u00e1ban 7 \u00e9vig vagy a hozz\u00e1j\u00e1rul\u00e1s visszavon\u00e1s\u00e1ig kezelj\u00fck.<\/p>\n<p><br><\/p>\n<p>Abban az esetben, ha \u00d6n \u00fczleti \u00fczenetek k\u00fcld\u00e9s\u00e9re iratkozik fel, szem\u00e9lyes adatait 7 \u00e9vig kezelj\u00fck, vagy addig, am\u00edg \u00d6n nem fejezi ki, hogy nem \u00e9rt egyet a tov\u00e1bbi k\u00fcld\u00e9ssel.<\/p>\n<p><br><\/p>\n<p>Szeretn\u00e9nk tov\u00e1bb\u00e1 felh\u00edvni a figyelmet arra, hogy azokat a szem\u00e9lyes adatokat, amelyek a szolg\u00e1ltat\u00e1sok megfelel\u0151 ny\u00fajt\u00e1s\u00e1hoz, illetve valamennyi k\u00f6telezetts\u00e9g\u00fcnk teljes\u00edt\u00e9s\u00e9hez sz\u00fcks\u00e9gesek, f\u00fcggetlen\u00fcl att\u00f3l, hogy ezek a k\u00f6telezetts\u00e9gek a k\u00f6z\u00f6tt\u00fcnk l\u00e9trej\u00f6tt szerz\u0151d\u00e9sb\u0151l vagy \u00e1ltal\u00e1nosan k\u00f6telez\u0151 erej\u0171 jogszab\u00e1lyb\u00f3l erednek, az \u00d6n hozz\u00e1j\u00e1rul\u00e1s\u00e1t\u00f3l f\u00fcggetlen\u00fcl, a vonatkoz\u00f3 jogszab\u00e1lyokban meghat\u00e1rozott vagy azokkal \u00f6sszhangban l\u00e9v\u0151 id\u0151tartamig (pl. az ad\u00f3\u00fcgyi dokumentumok eset\u00e9ben ez az id\u0151tartam legal\u00e1bb 10 \u00e9v) k\u00f6telesek vagyunk kezelni.<\/p>\n<p><br><\/p>\n<p>A felhaszn\u00e1l\u00f3i fi\u00f3kon vagy m\u00e1s hasonl\u00f3 m\u00f3don szerzett adatokat a szolg\u00e1ltat\u00e1saink haszn\u00e1lat\u00e1nak id\u0151tartam\u00e1ra, majd \u00e1ltal\u00e1ban a t\u00f6rl\u00e9st k\u00f6vet\u0151 5 \u00e9vig kezelj\u00fck. Ezt k\u00f6vet\u0151en \u00e1ltal\u00e1ban csak az alapvet\u0151 azonos\u00edt\u00f3 adatokat \u00e9s a felhaszn\u00e1l\u00f3i fi\u00f3k t\u00f6rl\u00e9s\u00e9nek ok\u00e1ra vonatkoz\u00f3 inform\u00e1ci\u00f3kat, illetve a m\u0171k\u00f6d\u00e9si biztons\u00e1gi ment\u00e9sek r\u00e9sz\u00e9t k\u00e9pez\u0151 adatokat t\u00e1roljuk \u00e9sszer\u0171 ideig. <\/p>\n<p><br><\/p>\n<p>S\u00fctik: a felhaszn\u00e1l\u00f3i viselked\u00e9st tartalmaz\u00f3 s\u00fctiket 30 nap ut\u00e1n t\u00f6r\u00f6lj\u00fck, azzal a felt\u00e9tellel, hogy a r\u00e9gebbi adatok anonimiz\u00e1lt form\u00e1ban a Google Analyticsben rendelkez\u00e9sre \u00e1llnak.<\/p>\n<p><br><\/p>\n<p>A telefonh\u00edv\u00e1sokr\u00f3l k\u00e9sz\u00fclt felv\u00e9teleket r\u00f6vid ideig, de legfeljebb 1 \u00e9vig t\u00e1roljuk, kiv\u00e9ve, ha jogos \u00e9rdekb\u0151l (pl. adattal val\u00f3 vissza\u00e9l\u00e9s, csal\u00e1s stb. gyan\u00faja eset\u00e9n) hosszabb ideig sz\u00fcks\u00e9ges a felv\u00e9telek meg\u0151rz\u00e9se.<\/p>\n<p><br><\/p>\n<p>A kamerafelv\u00e9teleket alapesetben 90 napig t\u00e1roljuk. Ha azonban a megfigyelt ter\u00fcleten illeg\u00e1lis tev\u00e9kenys\u00e9g t\u00f6rt\u00e9nik, kapcsolatba l\u00e9phet\u00fcnk a rend\u0151rs\u00e9ggel, \u00e9s a felv\u00e9teleket \u00e1tadhatjuk az illet\u00e9kes hat\u00f3s\u00e1gnak (rend\u0151rs\u00e9g, b\u00edr\u00f3s\u00e1g stb.). Ebben az esetben a felv\u00e9teleket 90 nap ut\u00e1n nem t\u00f6r\u00f6lj\u00fck, hanem bizony\u00edt\u00e1si okokb\u00f3l az \u00fcgy jogi lez\u00e1r\u00e1s\u00e1ig meg\u0151rizz\u00fck.  <\/p>\n<p><br><\/p>\n<p>A szem\u00e9lyes adatok biztons\u00e1ga<\/p>\n<p>Szem\u00e9lyes adatai biztons\u00e1gban vannak n\u00e1lunk. Szem\u00e9lyes adataihoz val\u00f3 jogosulatlan hozz\u00e1f\u00e9r\u00e9s \u00e9s vissza\u00e9l\u00e9s megakad\u00e1lyoz\u00e1sa \u00e9rdek\u00e9ben megfelel\u0151 technikai \u00e9s szervez\u00e9si int\u00e9zked\u00e9seket hajtottunk v\u00e9gre. <\/p>\n<p><br><\/p>\n<p>Az \u00d6n eszk\u00f6ze \u00e9s webszerver\u00fcnk k\u00f6z\u00f6tti kommunik\u00e1ci\u00f3 titkos\u00edtott. Az \u00d6n bejelentkez\u00e9si adatai jelsz\u00f3val v\u00e9dettek, \u00e9s minden adat\u00e1t kiz\u00e1r\u00f3lag biztons\u00e1gos adatk\u00f6zpontokban l\u00e9v\u0151 szervereken t\u00e1roljuk, korl\u00e1tozott, gondosan ellen\u0151rz\u00f6tt \u00e9s audit\u00e1lt hozz\u00e1f\u00e9r\u00e9ssel. <\/p><p><br><\/p><p>Jelsz\u00f3 biztons\u00e1ga<\/p><p>A jelszavakat egy\u00e1ltal\u00e1n nem t\u00e1roljuk a rendszerben, \u00e9s nem is t\u00e1roljuk adatb\u00e1zisban. Kiz\u00e1r\u00f3lag speci\u00e1lisan kisz\u00e1m\u00edtott jelsz\u00f3kulcsokkal dolgozunk. <\/p><p><br><\/p><p>16 \u00e9v alatti szem\u00e9lyek szem\u00e9lyes adatai<\/p><p>Web\u00e1ruh\u00e1zunk nem 16 \u00e9v alatti gyermekek sz\u00e1m\u00e1ra k\u00e9sz\u00fclt. 16 \u00e9v alatti szem\u00e9ly csak akkor haszn\u00e1lhatja web\u00e1ruh\u00e1zunkat, ha t\u00f6rv\u00e9nyes k\u00e9pvisel\u0151je (sz\u00fcl\u0151 vagy gondvisel\u0151) beleegyez\u00e9s\u00e9t adja. <\/p><p><br><\/p><p>Milyen jogai vannak a szem\u00e9lyes adatainak v\u00e9delm\u00e9vel kapcsolatban?<\/p><p>Szem\u00e9lyes adataival kapcsolatban \u00d6nnek joga van k\u00fcl\u00f6n\u00f6sen ahhoz, hogy b\u00e1rmikor visszavonja a szem\u00e9lyes adatok feldolgoz\u00e1s\u00e1hoz adott hozz\u00e1j\u00e1rul\u00e1s\u00e1t, joga van szem\u00e9lyes adatainak helyesb\u00edt\u00e9s\u00e9hez vagy kieg\u00e9sz\u00edt\u00e9s\u00e9hez, joga van k\u00e9rni azok feldolgoz\u00e1s\u00e1nak korl\u00e1toz\u00e1s\u00e1t, joga van tiltakozni vagy panaszt tenni szem\u00e9lyes adatainak feldolgoz\u00e1sa ellen, joga van hozz\u00e1f\u00e9rni szem\u00e9lyes adataihoz, joga van k\u00e9rni szem\u00e9lyes adatainak tov\u00e1bb\u00edt\u00e1s\u00e1t, joga van t\u00e1j\u00e9koztat\u00e1st kapni szem\u00e9lyes adatai biztons\u00e1g\u00e1nak megs\u00e9rt\u00e9s\u00e9r\u0151l, \u00e9s bizonyos felt\u00e9telek mellett joga van az \u00d6nnel kapcsolatban \u00e1ltalunk feldolgozott szem\u00e9lyes adatok egy r\u00e9sz\u00e9nek t\u00f6rl\u00e9s\u00e9hez (az \u00fagynevezett &#8222;elfeledtet\u00e9shez val\u00f3 jog&#8221;).<\/p><p><br><\/p><p>Korrekci\u00f3 \u00e9s kieg\u00e9sz\u00edt\u00e9s<\/p><p>Szem\u00e9lyes adatai felett els\u0151sorban a felhaszn\u00e1l\u00f3i fi\u00f3kj\u00e1n kereszt\u00fcl rendelkezik. Itt t\u00f6r\u00f6lheti vagy m\u00f3dos\u00edthatja az \u00d6nre vonatkoz\u00f3 alapvet\u0151 inform\u00e1ci\u00f3kat, valamint m\u00f3dos\u00edthatja a kereskedelmi kommunik\u00e1ci\u00f3 k\u00fcld\u00e9s\u00e9re vonatkoz\u00f3 be\u00e1ll\u00edt\u00e1sokat (vagy leiratkozhat a kereskedelmi kommunik\u00e1ci\u00f3r\u00f3l) stb. <\/p><p><br><\/p><p>Alternat\u00edvak\u00e9nt a kapcsolatfelv\u00e9teli \u0171rlapon kereszt\u00fcl is kapcsolatba l\u00e9phet vel\u00fcnk.<\/p><p><br><\/p><p>Helyesb\u00edt\u00e9s<\/p><p>Ha \u00fagy v\u00e9li, hogy az \u00d6nr\u0151l kezelt szem\u00e9lyes adatok helytelenek, a kapcsolatfelv\u00e9teli \u0171rlapon kereszt\u00fcl l\u00e9phet kapcsolatba vel\u00fcnk. Szem\u00e9lyes adatai helyesb\u00edt\u00e9s\u00e9nek felgyors\u00edt\u00e1sa \u00e9s az \u00d6n k\u00e9nyelme \u00e9rdek\u00e9ben azonban javasoljuk, hogy szem\u00e9lyes adatait a felhaszn\u00e1l\u00f3i profilj\u00e1ban szerkessze meg. <\/p><p><br><\/p><p>Hozz\u00e1f\u00e9r\u00e9s (hordozhat\u00f3s\u00e1g)<\/p><p>K\u00e9rheti, hogy k\u00fcldj\u00fcnk \u00d6nnek \u00e1ttekint\u00e9st szem\u00e9lyes adatair\u00f3l.<\/p><p><br><\/p><p>Ugyanakkor joga van hozz\u00e1f\u00e9rni a szem\u00e9lyes adataira vonatkoz\u00f3 al\u00e1bbi inform\u00e1ci\u00f3khoz:<\/p><p><br><\/p><p>Melyek az \u00d6n szem\u00e9lyes adatainak feldolgoz\u00e1s\u00e1nak c\u00e9ljai<\/p><p>Melyek az \u00e9rintett szem\u00e9lyes adatok kateg\u00f3ri\u00e1i<\/p><p>Kik rajtunk k\u00edv\u00fcl az \u00d6n szem\u00e9lyes adatainak c\u00edmzettjei?<\/p><p>a szem\u00e9lyes adatok t\u00e1rol\u00e1s\u00e1nak tervezett id\u0151tartama<\/p><p>Jog\u00e1ban \u00e1ll-e k\u00e9rni, hogy helyesb\u00edts\u00fck vagy t\u00f6r\u00f6lj\u00fck szem\u00e9lyes adatait, vagy korl\u00e1tozzuk azok feldolgoz\u00e1s\u00e1t, illetve tiltakozhat-e az ilyen feldolgoz\u00e1s ellen.<\/p><p>A szem\u00e9lyes adatok forr\u00e1s\u00e1ra vonatkoz\u00f3 inform\u00e1ci\u00f3k, ha azokat nem \u00d6nt\u0151l szerezt\u00fck be.<\/p><p>T\u00f6rl\u00e9s<\/p><p>\u00d6n k\u00e9rheti azt is, hogy t\u00f6r\u00f6lj\u00fck az \u00d6nre vonatkoz\u00f3 adatokat (a t\u00f6rl\u00e9s azonban nem \u00e9rinti az olyan dokumentumokon szerepl\u0151 adatokat, amelyeket jogszab\u00e1ly alapj\u00e1n meg kell \u0151rizn\u00fcnk (pl. sz\u00e1ml\u00e1k vagy j\u00f3v\u00e1\u00edr\u00e1sok). Ha az \u00d6n szem\u00e9lyes adataira jogi k\u00f6vetel\u00e9seink meg\u00e1llap\u00edt\u00e1s\u00e1hoz, \u00e9rv\u00e9nyes\u00edt\u00e9s\u00e9hez vagy v\u00e9delm\u00e9hez van sz\u00fcks\u00e9g\u00fcnk, az \u00d6n k\u00e9relme elutas\u00edt\u00e1sra ker\u00fclhet (pl. amikor kifizetetlen tartoz\u00e1st regisztr\u00e1lunk \u00d6nnel szemben, vagy folyamatban l\u00e9v\u0151 panaszelj\u00e1r\u00e1s eset\u00e9n). <\/p><p><br><\/p><p>Felh\u00edvjuk figyelm\u00e9t, hogy a fizet\u00e9si k\u00e1rty\u00e1j\u00e1ra vonatkoz\u00f3 inform\u00e1ci\u00f3kat nem a mi c\u00e9g\u00fcnk, hanem a fizet\u00e9si \u00e1tj\u00e1r\u00f3 szolg\u00e1ltat\u00f3ja (harmadik f\u00e9l) t\u00e1rolja a fizet\u00e9si k\u00e1rtya elment\u00e9se n\u00e9lk\u00fcli fizet\u00e9s eset\u00e9n. Ez\u00e9rt ezeket az adatokat mi nem tudjuk t\u00f6r\u00f6lni, \u00e9s kapcsolatba kell l\u00e9pnie azzal a fizet\u00e9si \u00e1tj\u00e1r\u00f3val, amelyen kereszt\u00fcl a fizet\u00e9st v\u00e9grehajtotta. Csak a fizet\u00e9si k\u00e1rtya alapadatait t\u00e1roljuk c\u00e9g\u00fcnkn\u00e9l, ha a fizet\u00e9si k\u00e1rty\u00e1j\u00e1t n\u00e1lunk t\u00e1rolja.  <\/p><p><br><\/p><p>A fent eml\u00edtett esetek kiv\u00e9tel\u00e9vel \u00d6n a k\u00f6vetkez\u0151 esetekben jogosult a t\u00f6rl\u00e9sre:<\/p><p><br><\/p><p>A szem\u00e9lyes adatokra m\u00e1r nincs sz\u00fcks\u00e9g azokhoz a c\u00e9lokhoz, amelyekhez azokat kezelt\u00e9k.<\/p><p><br><\/p><p>\u00d6n visszavonta a hozz\u00e1j\u00e1rul\u00e1s\u00e1t, amely alapj\u00e1n az adatokat feldolgozt\u00e1k, \u00e9s nincs m\u00e1s jogalapja az adatok feldolgoz\u00e1s\u00e1nak.<\/p><p><br><\/p><p>\u00d6n tiltakozott a szem\u00e9lyes adatok kezel\u00e9se ellen, \u00e9s \u00fagy v\u00e9li, hogy a tiltakoz\u00e1s \u00e9rt\u00e9kel\u00e9se sor\u00e1n egy\u00e9rtelm\u0171v\u00e9 v\u00e1lik, hogy egy adott helyzetben az \u00d6n \u00e9rdeke els\u0151bbs\u00e9get \u00e9lvez a szem\u00e9lyes adatok kezel\u00e9s\u00e9hez f\u0171z\u0151d\u0151 \u00e9rdekeinkkel szemben.<\/p><p><br><\/p><p>A szem\u00e9lyes adatok feldolgoz\u00e1sa jogellenesen t\u00f6rt\u00e9nik<\/p><p>A t\u00f6rl\u00e9si k\u00f6telezetts\u00e9get k\u00fcl\u00f6n jogszab\u00e1ly \u00e1llap\u00edtja meg.<\/p><p><br><\/p><p>Ez a 16 \u00e9v alatti gyermekek szem\u00e9lyes adataira vonatkozik.<\/p><p><br><\/p><p>Tiltakoz\u00e1s<\/p><p>Az \u00d6n szem\u00e9lyes adatainak egy r\u00e9sz\u00e9t jogos \u00e9rdek\u00fcnk alapj\u00e1n kezelj\u00fck (l\u00e1sd a jelen \u00e1ltal\u00e1nos szerz\u0151d\u00e9si felt\u00e9telek &#8222;Szem\u00e9lyes adatok feldolgoz\u00e1sa az eml\u00edtett jogalapok alapj\u00e1n&#8221; c\u00edm\u0171 r\u00e9sz\u00e9t). Ha az \u00d6n r\u00e9sz\u00e9r\u0151l konkr\u00e9t okok \u00e1llnak fenn, tiltakozhat szem\u00e9lyes adatainak feldolgoz\u00e1sa ellen. Ezt a tiltakoz\u00e1st a kapcsolatfelv\u00e9teli \u0171rlapon teheti meg.  <\/p><p><br><\/p><p>A feldolgoz\u00e1s korl\u00e1toz\u00e1sa<\/p><p>Ha (a) \u00d6n vitatja szem\u00e9lyes adatainak pontoss\u00e1g\u00e1t, (b) szem\u00e9lyes adatait jogellenesen kezelj\u00fck, (c) szem\u00e9lyes adataira m\u00e1r nincs sz\u00fcks\u00e9g\u00fcnk az adatkezel\u00e9s c\u00e9ljaira, de \u00d6nnek sz\u00fcks\u00e9ge van r\u00e1juk jogi ig\u00e9nyek el\u0151terjeszt\u00e9s\u00e9hez, \u00e9rv\u00e9nyes\u00edt\u00e9s\u00e9hez vagy v\u00e9delm\u00e9hez, vagy ha (d) az el\u0151z\u0151 pontnak megfelel\u0151en kifog\u00e1st emelt, joga van szem\u00e9lyes adatai kezel\u00e9s\u00e9nek korl\u00e1toz\u00e1s\u00e1hoz.    <\/p><p><br><\/p><p>Ebben az esetben az \u00d6n szem\u00e9lyes adatait csak az \u00d6n hozz\u00e1j\u00e1rul\u00e1s\u00e1val kezelhetj\u00fck (kiv\u00e9ve a sz\u00f3ban forg\u00f3 szem\u00e9lyes adatok t\u00e1rol\u00e1s\u00e1t vagy biztons\u00e1gi ment\u00e9s\u00e9t).<\/p>\n<\/div>\n<\/div>\n<\/div>\n<\/div>\n<\/div>\n<\/div>\n<\/div>\n<\/div>\n<\/article>\t\t\t\t\t\t\t\t<\/div>\n\t\t\t\t<\/div>\n\t\t\t\t\t<\/div>\n\t\t\t\t<\/div>\n\t\t\t\t<\/div>\n\t\t","protected":false},"excerpt":{"rendered":"<p>C\u00e9gn\u00e9v: CYPRUS PROPERTIES s. r. o. Sz\u00e1ml\u00e1z\u00e1si c\u00edm \u00e9s sz\u00e9khely: Farsk\u00e1 1342\/50, 949 01 Nyitra C\u00e9gjegyz\u00e9ksz\u00e1m: 54423651 H\u00c9A-sz\u00e1m: 2121656262 Jogi forma: korl\u00e1tolt felel\u0151ss\u00e9g\u0171 t\u00e1rsas\u00e1g Bejegyz\u00e9s a kereskedelmi nyilv\u00e1ntart\u00e1sba: Sro, Sro szekci\u00f3, iktat\u00f3sz\u00e1m: Nyitrai Ker\u00fcleti B\u00edr\u00f3s\u00e1g, Sro. 56591\/N Milyen szem\u00e9lyes adatokat dolgozunk fel\u00d6n \u00e1ltal megadott szem\u00e9lyes adatokSzem\u00e9lyes adatok, amelyeket nem k\u00f6zvetlen\u00fcl \u00d6nt\u0151l, hanem m\u00e1s m\u00f3don kapunk [&hellip;]<\/p>\n","protected":false},"author":1,"featured_media":0,"parent":0,"menu_order":0,"comment_status":"closed","ping_status":"closed","template":"elementor_header_footer","meta":{"footnotes":""},"class_list":["post-6845","page","type-page","status-publish","hentry"],"_links":{"self":[{"href":"https:\/\/www.cyprusproperties.info\/hu\/wp-json\/wp\/v2\/pages\/6845","targetHints":{"allow":["GET"]}}],"collection":[{"href":"https:\/\/www.cyprusproperties.info\/hu\/wp-json\/wp\/v2\/pages"}],"about":[{"href":"https:\/\/www.cyprusproperties.info\/hu\/wp-json\/wp\/v2\/types\/page"}],"author":[{"embeddable":true,"href":"https:\/\/www.cyprusproperties.info\/hu\/wp-json\/wp\/v2\/users\/1"}],"replies":[{"embeddable":true,"href":"https:\/\/www.cyprusproperties.info\/hu\/wp-json\/wp\/v2\/comments?post=6845"}],"version-history":[{"count":1,"href":"https:\/\/www.cyprusproperties.info\/hu\/wp-json\/wp\/v2\/pages\/6845\/revisions"}],"predecessor-version":[{"id":6847,"href":"https:\/\/www.cyprusproperties.info\/hu\/wp-json\/wp\/v2\/pages\/6845\/revisions\/6847"}],"wp:attachment":[{"href":"https:\/\/www.cyprusproperties.info\/hu\/wp-json\/wp\/v2\/media?parent=6845"}],"curies":[{"name":"wp","href":"https:\/\/api.w.org\/{rel}","templated":true}]}}